{"id":33,"date":"2016-02-13T11:46:23","date_gmt":"2016-02-13T10:46:23","guid":{"rendered":"http:\/\/scm-football.com\/accueil\/?page_id=33"},"modified":"2026-03-21T07:42:07","modified_gmt":"2026-03-21T06:42:07","slug":"agenda-football","status":"publish","type":"page","link":"http:\/\/scm-football.com\/accueil\/agenda-football\/","title":{"rendered":"&#8211; AGENDA FOOTBALL &#8211;"},"content":{"rendered":"\n<p><strong>Liste de Didier Deschamps&nbsp;: Mbapp\u00e9 et Chevalier iront aux States pour affronter le Br\u00e9sil et la Colombie&#8230; Revivez la conf\u00e9rence de presse<u><\/u><u><\/u><\/strong><\/p>\n\n\n\n<p>\u2022Didier Deschamps a annonc\u00e9 la liste de l&#8217;\u00e9quipe de France pour affronter le Br\u00e9sil et la Colombie, avec Kylian Mbapp\u00e9, malgr\u00e9 un genou fragile, et Lucas Chevalier, malgr\u00e9 ses difficult\u00e9s au PSG<\/p>\n\n\n\n<p>Le s\u00e9lectionneur de l&#8217;\u00e9quipe de France Didier Deschamps.<em>\u2002-&nbsp;\/AP\/SIPA<\/em><\/p>\n\n\n\n<p><strong>Sur le Br\u00e9sil, premier adversaire des Bleus dans cette tourn\u00e9e.<u><\/u><u><\/u><\/strong><\/p>\n\n\n\n<p>\u00abLe Br\u00e9sil fait toujours partie des grandes nations sur le plan mondial. Beaucoup de grands joueurs avec un s\u00e9lectionneur que je connais bien qui a \u00e9t\u00e9 entra\u00eeneur \u00e0 la Juve pendant six mois. Il a eu des choix difficiles \u00e0 faire. Quand la France rencontre le Br\u00e9sil c\u2019est toujours un moment particulier.&nbsp;L\u00e0, c\u2019est le Br\u00e9sil, \u00e7a parle \u00e0 tout le monde, c\u2019est la terre du football. Evidemment que le Br\u00e9sil fait partie des candidats pour aller chercher le titre mondial. \u00c7a sera une tr\u00e8s belle confrontation.&nbsp;\u00bb<\/p>\n\n\n\n<p><strong>Deschamps, sur sa derni\u00e8re comp\u00e9tition sur le banc des Bleus qui approche<u><\/u><u><\/u><\/strong><\/p>\n\n\n\n<p>\u00abJe sais que c&#8217;est la derni\u00e8re avec l&#8217;EDF. Le v\u00e9cu sert, l&#8217;exp\u00e9rience sert. J&#8217;ai conscience que plus on va se rapprocher, que \u00e7a sera la derni\u00e8re fois. Je vis pas avec \u00e7a m\u00eame si je suis humain, je n&#8217;ai pas tendance \u00e0 montrer le c\u00f4t\u00e9 \u00e9motionnel mais j&#8217;ai mes propres sensibilit\u00e9s, mais je me dois de rester sur l&#8217;aspect professionnel jusqu&#8217;au bout.&nbsp;\u00bb<\/p>\n\n\n\n<p><strong>La d\u00e9cision de donner le titre de la CAN au Maroc&nbsp;sur tapis vert au d\u00e9triment du S\u00e9n\u00e9gal.<u><\/u><u><\/u><\/strong><\/p>\n\n\n\n<p>\u00abJe suis surpris par cette d\u00e9cision, et qu&#8217;elle intervienne deux mois plus tard. C&#8217;est pour le moins surprenant. Je ne vais pas en dire plus. \u00bb<\/p>\n\n\n\n<p><strong>L&#8217;absence de Matthieu Udol malgr\u00e9 sa belle saison<u><\/u><u><\/u><\/strong><\/p>\n\n\n\n<p>\u00abMatthieu Udol, on le suit. Il fait partie des joueurs \u00e0 ce poste, \u00e9videmment le fait qu&#8217;il joue en France et \u00e0 Lens, \u00e7a a un impact important. Je pense que vous regardez moins les matchs \u00e0 l&#8217;\u00e9tranger o\u00f9 il y a d&#8217;autres arri\u00e8res gauches mais vous les avez moins sous les yeux. Lucas Digne et Th\u00e9o Hernandez ont l&#8217;habitude d&#8217;\u00eatre l\u00e0, m\u00eame leur niveau d&#8217;un rassemblement \u00e0 l&#8217;autre peut \u00e9voluer, ce sont deux joueurs de niveau international. \u00bb<\/p>\n\n\n\n<p><strong>Didier Deschamps estime qu&#8217;on \u00ab&nbsp;ne peut pas se d\u00e9tacher de ce qu&#8217;il se passe dans le monde&nbsp;\u00bb<u><\/u><u><\/u><\/strong><\/p>\n\n\n\n<p>\u00abLa situation g\u00e9opolitique est compliqu\u00e9e mais c&#8217;est pas pour \u00e7a que c&#8217;est un sujet tabou, on parle de tout, les joueurs entre eux et nous \u00e0 table. Apr\u00e8s qu&#8217;on ait des questions et des prises de position par rapport \u00e0 tous les conflits dans le monde entier, chacun a la libert\u00e9 d&#8217;y r\u00e9pondre ou nous. Les joueurs sont des citoyens, ils sont confront\u00e9s \u00e0 la vie de tous les jours aussi. Ca n&#8217;emp\u00eache pas de se rendre compte de ce qu&#8217;il se passe autour de nous et que \u00e7a peut avoir, je ne le souhaite pas et ne l&#8217;esp\u00e8re pas, une influence sur l&#8217;organisation sportive. Aujourd&#8217;hui la situation, comment va-t-elle \u00e9voluer? Je n&#8217;ai pas la r\u00e9ponse. Ca cr\u00e9e&#8230; je ne vais pas dire des inqui\u00e9tudes mais ce n&#8217;est pas un climat de s\u00e9r\u00e9nit\u00e9 qui am\u00e8ne aujourd&#8217;hui de par ce que repr\u00e9sente l&#8217;\u00e9quipe de France aujourd&#8217;hui, une obligation de s\u00e9curit\u00e9 qui est plus importante. On ne peut pas se d\u00e9tacher de ce qu&#8217;il se passe dans le monde. \u00bb<\/p>\n\n\n\n<p><strong>Les qualit\u00e9s de Barcola<u><\/u><u><\/u><\/strong><\/p>\n\n\n\n<p>\u00abLa v\u00e9rit\u00e9 d\u2019aujourd\u2019hui, celle de novembre. Barcola a toujours eu ses qualit\u00e9s. Il a la capacit\u00e9 d\u2019\u00eatre un titulaire en \u00e9quipe de France. Est-ce que c\u2019est au d\u00e9triment d\u2019un autre&nbsp;? Le m\u00eame constat a d\u00e9j\u00e0 \u00e9t\u00e9 fait pour Dou\u00e9 et Demb\u00e9l\u00e9. Quand il ne marque pas pendant une p\u00e9riode on dit \u00ab&nbsp;oui, oui, il est peu efficace&nbsp;\u00bb. L\u2019important est d\u2019avoir le plus de r\u00e9gularit\u00e9 possible pour le joueur. Ce sont de jeunes joueurs, Ousmane un peu moins mais il a mis du temps \u00e0 y arriver. Barco, au-del\u00e0 de faire des diff\u00e9rences il am\u00e8ne un danger suppl\u00e9mentaire pour l\u2019adversaire parce qu\u2019il a l\u2019option avec sa vitesse d\u2019\u00e9liminer mais aussi de partir dans le dos. Dans sa panoplie, dans sa qualit\u00e9, il a \u00e7a. C\u2019est important pour nous et \u00e7a peut poser plus de probl\u00e8mes \u00e0 l\u2019adversaire.&nbsp;\u00bb<\/p>\n\n\n\n<p><strong>Liste officielle pour la Coupe du monde le 13 mai sur TF1, annonce comme \u00e7a, \u00e0 la vol\u00e9e, le s\u00e9lectionneur.<u><\/u><u><\/u><\/strong><\/p>\n\n\n\n<p><strong>Mbapp\u00e9 et son genou, est-ce bien raisonnable de le prendre&nbsp;?<u><\/u><u><\/u><\/strong><\/p>\n\n\n\n<p>\u00abA partir du moment o\u00f9 il a un protocole qui a \u00e9t\u00e9 mis en place et respect\u00e9. Il \u00e9tait dans le timing. \u00c7a s\u2019est pass\u00e9 comme pr\u00e9vu. Le fait qu\u2019il soit disponible pour le match contre City o\u00f9 il est rentr\u00e9 25 minutes. Il a un match important contre l\u2019Atl\u00e9tico de Madrid o\u00f9 il est cens\u00e9 jouer ce match-l\u00e0. En mati\u00e8re de blessures le protocole a \u00e9t\u00e9 respect\u00e9. J\u2019ai \u00e9chang\u00e9 r\u00e9guli\u00e8rement avec Kylian, il n\u2019y a pas eu d\u2019obligation, m\u00eame pour du marketing. Certes Kylian est un joueur important mais surtout de son c\u00f4t\u00e9 c\u2019\u00e9tait clair qu\u2019il voulait \u00eatre l\u00e0 avec nous.&nbsp;\u00bb<\/p>\n\n\n\n<p>Ayoub Bouaddi est-il un joueur suivi par Deschamps&nbsp;?<\/p>\n\n\n\n<p>\u00abJ\u2019ai vu qu\u2019il n\u2019avait pas \u00e9t\u00e9 s\u00e9lectionn\u00e9. Il a cette libert\u00e9 de pouvoir choisir et je ne suis pas l\u00e0 pour le lui enlever. Je n\u2019ai pas \u00e9chang\u00e9 avec lui, ce n\u2019est pas ma mani\u00e8re de fonctionner quand j\u2019appelle un joueur quel qu\u2019il soit. Ils ont beaucoup de choix, c\u2019est le moment o\u00f9 je consid\u00e8re qu\u2019il peut \u00eatre utile \u00e0 l\u2019\u00e9quipe de France A. Evidemment qu\u2019on suit ses performances, il y a une concurrence tr\u00e8s forte. J\u2019ai pris six milieux de terrain. \u00c7a sera son choix, je ne vais pas anticiper ce que je d\u00e9ciderai au mois de mai. Apr\u00e8s il faudra demander \u00e0 quelqu\u2019un d\u2019autre, parce que \u00e7a ne sera pas moi.&nbsp;\u00bb<\/p>\n\n\n\n<p><strong>Didier Deschamps sur Warren Za\u00efre-Emery et sur sa liste \u00e9largie.<u><\/u><u><\/u><\/strong><\/p>\n\n\n\n<p>\u00abDans cette position l\u00e0 il ne se retrouve jamais dans une position de lat\u00e9ral droit [quand il est align\u00e9 \u00e0 droite par Enrique], moi je le consid\u00e8re avant tout comme un milieu de terrain. L&#8217;objectif avec le staff c&#8217;est qu&#8217;on est en sorte d&#8217;avoir trois options \u00e0 chaque poste. Si ces options-l\u00e0 sont r\u00e9unies avec 23, 24, 25 joueurs&#8230; m\u00eame si j&#8217;ai \u00e9largi cette fois cette liste c&#8217;est pour des raisons sp\u00e9cifiques. Le fait d&#8217;avoir deux matchs tr\u00e8s rapproch\u00e9s, avec des matchs ce week-end aussi. On a fait en sorte d&#8217;anticiper et \u00e0 travers cette liste de 26 joueurs d&#8217;avoir plusieurs options. Pour revenir \u00e0 Warren il a aussi eu des moments difficiles, depuis il a retrouv\u00e9 du temps de jeu et son meilleur niveau, ce qui l&#8217;am\u00e8ne \u00e0 revenir avec nous. \u00bb<\/p>\n\n\n\n<p><strong>Didier Deschamps appelle Lucas Chevalier dans un r\u00f4le de num\u00e9ro 3<u><\/u><u><\/u><\/strong><\/p>\n\n\n\n<p>\u00abEn ce qui concerne Lucas, c\u2019est vrai que son dernier match remonte \u00e0 fin janvier. Depuis il est dans une situation compliqu\u00e9e o\u00f9 il n\u2019a pas de temps de jeu. \u00c7a m\u2019est arriv\u00e9 avec des joueurs importants, \u00e7a concernait les joueurs de champs qui pouvaient ponctuellement en difficult\u00e9 de tendre la main. \u00c7a fait partie de la relation de confiance. Je n\u2019oublie pas qu\u2019\u00e0 l\u2019automne il \u00e9tait cens\u00e9 concurrencer Mike Maignan voire \u00eatre titulaire en \u00e9quipe de France. Evidemment cette situation n\u2019est pas id\u00e9ale pour lui. Ce n\u2019est pas dans un r\u00f4le num\u00e9ro&nbsp;2 qu\u2019il est pris mais dans un r\u00f4le de num\u00e9ro&nbsp;3.&nbsp;\u00bb<\/p>\n\n\n\n<p><strong>La liste de Didier Deschamps pour le Br\u00e9sil et la Colombie<u><\/u><u><\/u><\/strong><\/p>\n\n\n\n<p>Chevalier, Maignan, Samba &#8211; Digne, Gusto, L.Hernandez, T.Hernandez, Kalulu, Konat\u00e9, Saliba, Upamecano &#8211; Camavinga, Kant\u00e9, Kon\u00e9, Rabiot, Tchouameni, WZE &#8211; Akliouche, Cherki, Demb\u00e9l\u00e9, Dou\u00e9, Ekitike, Kolo Muani, Mbapp\u00e9, Olise, Thuram<\/p>\n\n\n\n<p>Rassemblement \u00e0 Clairefontaine lundi, entra\u00eenement et d\u00e9part mardi pour les Etats-Unis. Et match le jeudi contre le Br\u00e9sil, \u00e0 Boston.<\/p>\n\n\n\n<p><strong>Bonjour la team !<u><\/u><u><\/u><\/strong><\/p>\n\n\n\n<p>On y est (presque) ! Un peu moins de trois mois avant le d\u00e9but de la Coupe du monde aux Etats-Unis, on commence d\u00e9j\u00e0 \u00e0 respirer un peu le doux fumet de ce Mondial. D&#8217;une part parce que Didier Deschamps va donner sa derni\u00e8re liste avant celle, officielle, fin et d&#8217;autre part parce que les Bleus vont s&#8217;envoler de l&#8217;autre c\u00f4t\u00e9 de l&#8217;Atlantique la semaine prochaine pour y affronter, en match amical, le Br\u00e9sil et la Colombie. Alors, qui sera du voyage ?<\/p><hr>\n\n\n\n<p><\/p>\n\n\n\n<h1 class=\"wp-block-heading\">S\u00e9n\u00e9gal \u2013 Maroc&nbsp;: Guerre des serviettes, r\u00e9volte et conf\u00e9rence de presse annul\u00e9e, la finale a \u00e9corn\u00e9 l\u2019image de la CAN<\/h1>\n\n\n\n<p><\/p>\n\n\n\n<p>La victoire du S\u00e9n\u00e9gal (1-0) en finale de la CAN s\u2019est faite dans un contexte tendu. La comp\u00e9tition, jusqu\u2019ici pl\u00e9biscit\u00e9e par des figures majeures du foot africain, a fini par partir en eau de boudin<\/p>\n\n\n\n<p>C\u2019est quoi cette absurde \u00ab chasse \u00e0 la serviette \u00bb qui s\u2019est d\u00e9roul\u00e9e durant la finale de la CAN ?<\/p>\n\n\n\n<p><strong>L\u2019essentiel<u><\/u><u><\/u><\/strong><\/p>\n\n\n\n<p>La finale de la CAN entre le S\u00e9n\u00e9gal et le Maroc (1-0) a \u00e9t\u00e9 marqu\u00e9e par la sc\u00e8ne de protestation des joueurs s\u00e9n\u00e9galais, lesquels ont quitt\u00e9 temporairement la pelouse du stade Prince Moulay Abdellah pour marquer leur d\u00e9saccord avec l\u2019attribution d\u2019un penalty en faveur du Maroc.<\/p>\n\n\n\n<p>La finale a \u00e9t\u00e9 marqu\u00e9e par des incidents en tribune avec des lancers de chaises de la part des supporters s\u00e9n\u00e9galais sur les stadiers, ainsi que par des sc\u00e8nes lamentables o\u00f9 des ramasseurs de balle et des joueurs marocains ont essay\u00e9 \u00e0 tout prix de voler la serviette d\u2019Edouard Mendy.<\/p>\n\n\n\n<p>Sadio Man\u00e9 a sauv\u00e9 l\u2019honneur du football africain en ordonnant \u00e0 ses co\u00e9quipiers de retourner sur le terrain, expliquant \u00ab&nbsp;que \u00e7a aurait \u00e9t\u00e9 vraiment triste et dommage de voir une finale terminer ainsi&nbsp;\u00bb.<\/p>\n\n\n\n<p>Au moment o\u00f9 les joueurs s\u00e9n\u00e9galais refusaient de se soumettre \u00e0 la d\u00e9cision de l\u2019arbitre Jean-Jacques Ndala Ngambo, qui venait d\u2019accorder&nbsp;<a rel=\"noreferrer noopener\" target=\"_blank\" href=\"https:\/\/www.20minutes.fr\/sport\/football\/4196363-20260118-direct-senegal-maroc-finale-can-revee-marocains-prets-ecrire-histoire-domicile-suivez-match\">un penalty en faveur du Maroc pour une faute sur Brahim Diaz<\/a>, l\u2019exp\u00e9rience des grandes comp\u00e9titions nous avait fait dire que la fin de soir\u00e9e serait \u00e9pique pour les journalistes sur place. Th\u00e9orie confirm\u00e9e par les images parvenues de Rabat dans la nuit de dimanche \u00e0 lundi. Pape Thiaw n\u2019a pas pu honorer sa conf\u00e9rence de presse post-finale.<\/p>\n\n\n\n<p>Attabl\u00e9 \u00e0 son pupitre, le s\u00e9lectionneur du S\u00e9n\u00e9gal n\u2019a pas eu le temps de prononcer un mot avant de se faire huer par des journalistes marocains lui enjoignant de \u00ab&nbsp;d\u00e9gager&nbsp;\u00bb. La situation a sans surprise suscit\u00e9 l\u2019indignation chez leurs confr\u00e8res s\u00e9n\u00e9galais et la tension est mont\u00e9e d\u2019un cran, jusqu\u2019\u00e0 ce que Pape Thiaw ne quitte la salle en faisant un signe victorieux. Une fin en apoth\u00e9ose si l\u2019on parle divertissement, en eau de boudin si l\u2019on s\u2019inqui\u00e8te de l\u2019image laiss\u00e9e par cette finale de Coupe d\u2019Afrique des Nations.<\/p>\n\n\n\n<p><strong>La Fifa n\u2019a pas appr\u00e9ci\u00e9 le spectacle<u><\/u><u><\/u><\/strong><\/p>\n\n\n\n<p>\u00ab&nbsp;L\u2019image qu\u2019on a donn\u00e9e de l\u2019Afrique, aujourd\u2019hui, c\u2019est un peu honteux,&nbsp;<a rel=\"noreferrer noopener\" target=\"_blank\" href=\"https:\/\/www.20minutes.fr\/sport\/football\/4196786-20260119-senegal-maroc-fait-honore-afrique-regragui-allume-thiaw-apres-chaos\">regrettait le s\u00e9lectionneur marocain Walid Regragui<\/a>&nbsp;quelques minutes auparavant. Pape (Thiaw) demande \u00e0 ses joueurs de sortir du terrain, voil\u00e0, il avait commenc\u00e9 d\u00e9j\u00e0 en conf\u00e9rence de presse, tant mieux pour lui, comme je l\u2019ai dit \u00e0 la fin, il faut toujours rester classe dans la d\u00e9faite comme dans la victoire. Ce qu\u2019a fait Pape ce soir, \u00e7a n\u2019honore pas l\u2019Afrique. C\u2019est pas classe, mais c\u2019est pas grave, il est champion d\u2019Afrique, donc il a le droit de dire ce qu\u2019il veut&nbsp;\u00bb.<\/p>\n\n\n\n<p>Critique \u00e0 laquelle se sont joints Gianni Infantino et la Fifa lundi matin. \u00ab&nbsp;Nous condamnons fermement le comportement [\u2026] de quelques joueurs s\u00e9n\u00e9galais et des membres du staff technique. Il est inacceptable de quitter le terrain de cette mani\u00e8re.&nbsp;\u00bb<\/p>\n\n\n\n<p><strong>Le chaos de la finale g\u00e2che la r\u00e9ussite de la CAN<u><\/u><u><\/u><\/strong><\/p>\n\n\n\n<p>Certes, la succession de d\u00e9cisions arbitrales ayant men\u00e9 au penalty \u00e9tait injuste, mais la contribution du s\u00e9lectionneur s\u00e9n\u00e9galais \u00e0 semer le trouble en invitant ses joueurs \u00e0 rejoindre le vestiaire entre en contradiction avec ses propos d\u2019avant-match. \u00ab&nbsp;\u00c7a ne doit pas se passer. C\u2019est l\u2019image de l\u2019Afrique. Je ne parle pas en tant que coach s\u00e9n\u00e9galais. Je parle en tant qu\u2019Africain.&nbsp;\u00bb Pape Thiaw fustigeait alors le faible dispositif de s\u00e9curit\u00e9 \u00e0 la gare de Rabat, o\u00f9 les Lions avaient \u00e9t\u00e9 accueillis par une foule de supporters \u00e0 leur arriv\u00e9e.<\/p>\n\n\n\n<p>L\u2019organisation de la CAN qui avait jusqu\u2019ici \u00e9t\u00e9&nbsp;<a rel=\"noreferrer noopener\" target=\"_blank\" href=\"https:\/\/www.leparisien.fr\/sports\/football\/coupe-d-afrique-des-nations\/je-nai-jamais-participe-a-une-can-avec-une-organisation-de-ce-niveau-mohamed-salah-et-samuel-etoo-saluent-lhospitalite-du-maroc-11-01-2026-DMKVVFLLHZHUPGMWCA2C3K4AKQ.php#:~:text=Football%2CCAN%202025-,%C2%AB%20Je%20n'ai%20jamais%20particip%C3%A9%20%C3%A0%20une%20CAN%20avec%20une,Eto'o%20f%C3%A9licitent%20le%20Maroc&amp;text=Le%20capitaine%20%C3%A9gyptien%20et%20le,2025%20malgr%C3%A9%20la%20rivalit%C3%A9%20sportive.\">salu\u00e9e \u00e0 juste titre par des personnalit\u00e9s aussi importantes<\/a>&nbsp;que Samuel Eto\u2019o et Mohamed Salah, a finalement \u00e9t\u00e9 \u00e9clips\u00e9e par un final chaotique sous toutes ses coutures.<\/p>\n\n\n\n<p><strong>La sagesse de Sadio Man\u00e9 a triomph\u00e9 au milieu des jets de chaises et des vols de serviette<u><\/u><u><\/u><\/strong><\/p>\n\n\n\n<p>S\u2019il ne s\u2019agissait que de se plaindre d\u2019arbitrage, passe encore. Le Nigeria et l\u2019Alg\u00e9rie sont pass\u00e9s par l\u00e0 avant. Mais \u00e0 ce folklore il faut ajouter le d\u00e9sordre en tribune. L\u2019attribution du penalty \u00e0 Brahim Diaz s\u2019est accompagn\u00e9e de lancers d\u2019objets, et notamment de chaises de la part des supporters des Lions sur les stadiers au bord de la pelouse, l\u2019un d\u2019entre eux ayant d\u00fb \u00eatre \u00e9vacu\u00e9 sur civi\u00e8re.<\/p>\n\n\n\n<p>Non moins lamentable, l\u2019obstination des locaux \u00e0 vouloir subtiliser la serviette d\u2019\u00c9douard Mendy, comme cela avait d\u00e9j\u00e0 \u00e9t\u00e9 le cas avec le gardien nig\u00e9rian en demi-finale, pour l\u2019emp\u00eacher de se s\u00e9cher les gants. Les images des courses-poursuites entre les ramasseurs de balle, parfois aid\u00e9s par des joueurs marocains \u2013 dont Achraf Hakimi \u2013 en train de pourchasser Yehvann Diouf, \u00e0 la limite de l\u2019agression physique ont fait le tour du monde. L\u00e0 encore, on a connu meilleure pub pour une comp\u00e9tition.<\/p>\n\n\n\n<p><a rel=\"noreferrer noopener\" target=\"_blank\" href=\"https:\/\/www.20minutes.fr\/sport\/football\/4196520-20260118-maroc-senegal-critique-pays-walid-regragui-va-fermer-bouches-comme-deschamps-jacquet-avant#int_medium=lien&amp;int_campaign=flink&amp;int_source=20-minutes&amp;int_content=6cfb6007-8ae9-4cfe-a7f9-438808a06b56\"><strong>Maroc \u2013 S\u00e9n\u00e9gal&nbsp;: Critiqu\u00e9 au pays, Walid Regragui va-t-il fermer des bouches (comme Deschamps et Jacquet avant lui)&nbsp;?<\/strong><\/a><\/p>\n\n\n\n<p><a rel=\"noreferrer noopener\" target=\"_blank\" href=\"https:\/\/www.ouest-france.fr\/sport\/football\/coupe-d-afrique-des-nations\/commentaire-maroc-senegal-une-finale-de-can-bien-triste-publicite-pour-le-football-africain-7b77e540-f4be-11f0-9160-764ed90b3d12#utm_medium=lien&amp;utm_campaign=flink&amp;utm_source=20-minutes&amp;utm_content=6cfb6007-8ae9-4cfe-a7f9-438808a06b56\"><strong>COMMENTAIRE. Maroc \u2013 S\u00e9n\u00e9gal, une finale de CAN bien triste publicit\u00e9 pour le football africain<\/strong><\/a><\/p>\n\n\n\n<p>Seul rayon de lumi\u00e8re dans les t\u00e9n\u00e8bres,<a rel=\"noreferrer noopener\" target=\"_blank\" href=\"https:\/\/www.20minutes.fr\/sport\/football\/4196789-20260119-senegal-maroc-sadio-mane-gagne-bon-statut-legende-foot-africain\">&nbsp;Sadio Man\u00e9 s\u2019est montr\u00e9 digne de son statut<\/a>&nbsp;et de l\u2019\u00e9v\u00e9nement en ordonnant \u00e0 ses co\u00e9quipiers de retourner sur la pelouse pour permettre \u00e0 Diaz de tirer son penalty. \u00ab&nbsp;Honn\u00eatement, je pense que \u00e7a aurait \u00e9t\u00e9 vraiment triste et dommage de voir une finale terminer ainsi, expliquera l\u2019ancien joueur de Liverpool. C\u2019est impossible de v\u00e9hiculer une telle image au monde entier. Vous savez, le football africain est actuellement suivi, le football africain s\u2019est d\u00e9velopp\u00e9 d\u2019une fa\u00e7on incroyable. J\u2019aurais pr\u00e9f\u00e9r\u00e9 perdre que de finir ainsi. C\u2019est ce qui m\u2019a pouss\u00e9 de dire aux gars de retourner sur le terrain et de jouer notre football.&nbsp;\u00bb Par son geste, il n\u2019a pas seulement sauv\u00e9 son \u00e9quipe de la d\u00e9faite, mais aussi l\u2019honneur du football africain.<\/p>\n\n\n\n<p><strong>CAN 2026&nbsp;: Le jury de la CAF annule la victoire du S\u00e9n\u00e9gal et sacre le Maroc deux mois apr\u00e8s (vous avez bien lu)<u><\/u><u><\/u><\/strong><\/p>\n\n\n\n<p><strong>FOOTBALL<\/strong>  : L\u2019instance a d\u00e9cid\u00e9 de disqualifier l\u2019\u00e9quipe s\u00e9n\u00e9galaise en raison du choix de plusieurs joueurs de quitter le terrain avant le penalty (manqu\u00e9) par Brahim Diaz<\/p>\n\n\n\n<p>CAN 2025 : Le Maroc finalement d\u00e9clar\u00e9 vainqueur sur tapis vert face au S\u00e9n\u00e9gal<\/p>\n\n\n\n<p>Non, vous ne r\u00eavez pas&nbsp;! La Conf\u00e9d\u00e9ration africaine de football (CAF) a annonc\u00e9, mardi soir, avoir retir\u00e9 au&nbsp;<a rel=\"noreferrer noopener\" target=\"_blank\" href=\"https:\/\/www.20minutes.fr\/monde\/senegal\/\">S\u00e9n\u00e9gal<\/a>&nbsp;le titre remport\u00e9 le 18&nbsp;janvier lors de la finale de la&nbsp;<a rel=\"noreferrer noopener\" target=\"_blank\" href=\"https:\/\/www.20minutes.fr\/sport\/can\/\">Coupe d\u2019Afrique des Nations<\/a>&nbsp;\u00e0 Rabat. Apr\u00e8s examen en appel, l\u2019instance a d\u00e9cid\u00e9 d\u2019attribuer la victoire au&nbsp;<a rel=\"noreferrer noopener\" target=\"_blank\" href=\"https:\/\/www.20minutes.fr\/dossier\/maroc\">Maroc<\/a>&nbsp;\u00e0 la suite d\u2019une r\u00e9clamation d\u00e9pos\u00e9e par la f\u00e9d\u00e9ration marocaine.<\/p>\n\n\n\n<p>Le jury d\u2019appel a statu\u00e9 en appliquant le r\u00e8glement et a d\u00e9cid\u00e9 \u00ab&nbsp;de d\u00e9clarer l\u2019\u00e9quipe nationale du S\u00e9n\u00e9gal forfait lors de la finale&nbsp;\u00bb, pr\u00e9cisant que \u00ab&nbsp;le r\u00e9sultat [est] homologu\u00e9 sur le score de 3-0&nbsp;\u00bb en faveur du Maroc. La finale s\u2019\u00e9tait initialement sold\u00e9e par une victoire 1-0 du S\u00e9n\u00e9gal apr\u00e8s prolongation dans un contexte particuli\u00e8rement tendu.<\/p>\n\n\n\n<p><strong>Un recours encore possible pour le S\u00e9n\u00e9gal<u><\/u><u><\/u><\/strong><\/p>\n\n\n\n<p>Au cours du match, un penalty accord\u00e9 au Maroc dans le temps additionnel, apr\u00e8s un but refus\u00e9 au S\u00e9n\u00e9gal, avait provoqu\u00e9 une interruption.&nbsp;<a rel=\"noreferrer noopener\" target=\"_blank\" href=\"https:\/\/www.20minutes.fr\/sport\/football\/4198015-20260126-can-2025-maroc-decide-tout-caf-accuse-president-federation-senegalaise\">Des joueurs s\u00e9n\u00e9galais avaient quitt\u00e9 temporairement la pelouse<\/a>&nbsp;tandis que des supporteurs tentaient d\u2019envahir le terrain et lan\u00e7aient des projectiles. Malgr\u00e9 un&nbsp;<a rel=\"noreferrer noopener\" target=\"_blank\" href=\"https:\/\/www.20minutes.fr\/dossier\/penalty\">penalty<\/a>&nbsp;manqu\u00e9 par Brahim Diaz, la rencontre avait repris et le S\u00e9n\u00e9gal s\u2019\u00e9tait impos\u00e9 gr\u00e2ce \u00e0 un but de Pape Gueye en prolongation.<\/p>\n\n\n\n<p>Pour justifier sa d\u00e9cision, la CAF invoque les articles&nbsp;82 et&nbsp;84 du r\u00e8glement, selon lesquels une \u00e9quipe qui \u00ab&nbsp;refuse de jouer ou quitte le terrain avant la fin r\u00e9glementaire du match&nbsp;\u00bb \u00ab&nbsp;sera consid\u00e9r\u00e9e perdante et sera d\u00e9finitivement \u00e9limin\u00e9e de la comp\u00e9tition en cours&nbsp;\u00bb. Dans un communiqu\u00e9, la f\u00e9d\u00e9ration marocaine affirme que \u00ab&nbsp;sa d\u00e9marche n\u2019a jamais eu pour objet de contester la performance sportive [\u2026] mais uniquement de demander l\u2019application du r\u00e8glement de la comp\u00e9tition&nbsp;\u00bb, r\u00e9affirmant \u00ab&nbsp;son attachement au respect des r\u00e8gles&nbsp;\u00bb.<\/p>\n\n\n\n<p>Un recours reste possible devant le Tribunal arbitral du sport sous dix jours, tandis que le proc\u00e8s en appel de 18 supporters s\u00e9n\u00e9galais condamn\u00e9s pour \u00ab&nbsp;hooliganisme&nbsp;\u00bb a \u00e9t\u00e9 report\u00e9 au 30&nbsp;mars.<\/p>\n\n\n\n<figure class=\"wp-block-table\"><table class=\"has-fixed-layout\"><tbody><tr><td><strong>&#x1f30d;<\/strong><strong>&nbsp;Deal Done Serbia 2 \u2013 Summer Edition<\/strong><strong><br><\/strong><strong>10\u201311 June 2026 | House of Football, Stara Pazova<\/strong><strong><u><\/u><u><\/u><\/strong><\/td><\/tr><tr><td>Dear Partners, Friends, and Football Industry Leaders,&nbsp;Time is running out. The Early Bird window for&nbsp;<strong>Deal Done Serbia 2 \u2013 Summer Edition<\/strong>&nbsp;is closing fast, and this is your final opportunity to secure your place at a reduced rate before prices rise.&nbsp;On June 10\u201311, 2026, the&nbsp;<strong>House of Football in Stara Pazova<\/strong>&nbsp;will once again become the epicenter of European football business. For two days, the transfer market will not only be discussed \u2013 it will be lived.<\/td><\/tr><tr><td><img loading=\"lazy\" decoding=\"async\" width=\"558\" height=\"789\" src=\"https:\/\/ecp.yusercontent.com\/mail?url=https%3A%2F%2Fdealdone.sales-snap.com%2Fmedia%2Fimages%2Fblack_yellow_and_white_modern_soccer_match_day_poster_.png&amp;t=1773957942&amp;ymreqid=e8587865-bed9-b925-1c28-7b0033015300&amp;sig=JJiC6ZogKvoReUxDJ0xeAg--~D\"><a rel=\"noreferrer noopener\" target=\"_blank\" href=\"https:\/\/dealdone.sales-snap.com\/r\/cca8f471118240e7359d9c6a1?ct=YTo1OntzOjY6InNvdXJjZSI7YToyOntpOjA7czoxNDoiY2FtcGFpZ24uZXZlbnQiO2k6MTtpOjcxO31zOjU6ImVtYWlsIjtpOjc0O3M6NDoic3RhdCI7czoyMjoiNjliOTFmNTc5MGM3YzYyNjgxODgxOSI7czo0OiJsZWFkIjtzOjU6IjQyNTI3IjtzOjc6ImNoYW5uZWwiO2E6MTp7czo1OiJlbWFpbCI7aTo3NDt9fQ%3D%3D&amp;utm_source=Sales_Snap&amp;utm_medium=email&amp;utm_campaign=NL_160326&amp;utm_content=NL_160326\"><\/a><\/td><\/tr><\/tbody><\/table><\/figure>\n\n\n\n<figure class=\"wp-block-table\"><table class=\"has-fixed-layout\"><tbody><tr><td class=\"has-text-align-left\" data-align=\"left\"><img loading=\"lazy\" decoding=\"async\" width=\"525\" height=\"86\" src=\"https:\/\/ecp.yusercontent.com\/mail?url=https%3A%2F%2Fpipedrive-marketing-app-templates-live-eu-central-1.s3.amazonaws.com%2Fbee%2Fimages%2Fid-13700908%2Feditor_images%2FHEADER_GENERAL.jpg&amp;t=1773957943&amp;ymreqid=e8587865-bed9-b925-1c28-7b0033015300&amp;sig=KycuIV1J6qNEXBiyhafVRA--~D\"><a href=\"https:\/\/campaigns-events.fra-1.onpdr.com\/linktrack\/v2_xdplbr5rp1\/409xp7bqvgljyxwn3pwxoeygw\/v2_ojd3eem1k3\" target=\"_blank\" rel=\"noreferrer noopener\"><\/a><img loading=\"lazy\" decoding=\"async\" width=\"525\" height=\"618\" src=\"https:\/\/ecp.yusercontent.com\/mail?url=https%3A%2F%2Fpipedrive-marketing-app-templates-live-eu-central-1.s3.amazonaws.com%2Fbee%2Fimages%2Fid-13700908%2Feditor_images%2F850x1200.png&amp;t=1773957943&amp;ymreqid=e8587865-bed9-b925-1c28-7b0033015300&amp;sig=hJg8htN_hzZzFtorETEV8g--~D\"><br><br>The equation that governed football&#8217;s business for decades \u2014&nbsp;<strong>more wins, greater brand value<\/strong>&nbsp;\u2014 is changing.Culture, music, fashion and community are becoming as important to a club&#8217;s worth as what happens on the pitch.&#x1f914;&nbsp;Why are fans who never watched one of their matches drawn to a&nbsp;<strong>Venezia FC<\/strong>&nbsp;shirt?&#x1f914;&nbsp;Why did a&nbsp;<strong>C. Tangana<\/strong>&nbsp;anthem do more for Celta de Vigo&#8217;s brand than a winning streak?&#x1f914;&nbsp;And what does it mean for clubs that are still measuring their value exclusively by what happens on a Sunday afternoon?<strong>Five factors<\/strong>&nbsp;explain the shift, and what clubs, players and brands should be doing about it.<a href=\"https:\/\/campaigns-events.fra-1.onpdr.com\/linktrack\/v2_xdplbr5rp1\/409xp7bqvgljyxwn3pwxoeygw\/v2_wv1477e1k7\" target=\"_blank\" rel=\"noreferrer noopener\">READ THE FULL ARTICLE<\/a>&nbsp;\u200a&nbsp;&nbsp;The WFS Mexico City 2026 trailer is out!This summer, Mexico City will host the greatest show in football: the&nbsp;<strong>FIFA 2026 World Cup<\/strong>.The best players in the world. Billions of eyes on the region. A moment that comes once in a generation.But the game doesn&#8217;t happen without the industry behind it. The&nbsp;<strong>clubs<\/strong>, the&nbsp;<strong>investors<\/strong>, the&nbsp;<strong>broadcasters<\/strong>, the&nbsp;<strong>brands<\/strong>, the&nbsp;<strong>technology&#8230;<\/strong>&nbsp;and the people who take the decisions that define how football grows.Days before the opening whistle, they will all be in Mexico City. At World Football Summit,&nbsp;<strong>June 3\u20134<\/strong>, Camino Real, Polanco.&#x1f3ac;&nbsp;Click on the image to watch the trailer.<br><br>&#x1f39f;&#xfe0f;&nbsp;And if you haven&#8217;t secured your place yet, Early Bird rates are available until April 27.<\/td><\/tr><\/tbody><\/table><\/figure>\n\n\n\n<figure class=\"wp-block-table\"><table class=\"has-fixed-layout\"><tbody><tr><td><img loading=\"lazy\" decoding=\"async\" width=\"500\" height=\"200\" src=\"https:\/\/ecp.yusercontent.com\/mail?url=https%3A%2F%2Fpipedrive-marketing-app-templates-live-eu-central-1.s3.amazonaws.com%2Fbee%2Fimages%2Fid-13700908%2Feditor_images%2FWFS%2520Newsletter%2520-%2520Portadas%2520Secciones%2520%252810%2529.png&amp;t=1772797730&amp;ymreqid=e8587865-bed9-b925-1c2d-5c0000019d00&amp;sig=prP5MUdvv1yoBALQP4tULQ--~D\"><\/td><\/tr><\/tbody><\/table><\/figure>\n\n\n\n<figure class=\"wp-block-table\"><table class=\"has-fixed-layout\"><tbody><tr><td><a rel=\"noreferrer noopener\" target=\"_blank\" href=\"https:\/\/campaigns-events.fra-1.onpdr.com\/linktrack\/v2_xdplbr5rp1\/5023014i2xa3e4ktkmkp4p6pw\/v2_6jq69k2q2o\"><strong>WFS Mexico<\/strong><\/a>&nbsp;revient les 3 et 4 juin 2026 au<strong>World Trade Center&nbsp;<\/strong>de Mexico, quelques jours avant le coup d&#8217;envoi de la Coupe du Monde \u00e0 l&#8217;Estadio Ciudad de M\u00e9xico. Tous les d\u00e9cideurs majeurs du football seront pr\u00e9sents dans la ville pour le tournoi. WFS Mexico ambitionne de les r\u00e9unir en premier. Une telle opportunit\u00e9 est unique.La Coupe du Monde 2026, l&#8217;une des \u00e9ditions les plus attendues de tous les temps, devrait&nbsp;g\u00e9n\u00e9rer 40,9 milliards de dollars de retomb\u00e9es \u00e9conomiques&nbsp;, mais les opportunit\u00e9s pour le secteur vont bien au-del\u00e0 de la comp\u00e9tition. Le march\u00e9 du football sur le continent am\u00e9ricain conna\u00eet une transformation commerciale majeure, port\u00e9e par des chiffres records et des changements structurels.En partenariat avec&nbsp;la ville h\u00f4te de Mexico&nbsp;, nous accueillerons cette ann\u00e9e&nbsp;plus de 2 000 professionnels&nbsp;provenant de&nbsp;plus de 50 pays&nbsp;.&nbsp;Les \u00e9ditions pr\u00e9c\u00e9dentes ont pr\u00e9sent\u00e9 la FIFA, la CONCACAF, la FMF, la LALIGA, la LAFC, le Club Am\u00e9rica, Nike, Adidas, AWS et TelevisaUnivision. Les orateurs pr\u00e9c\u00e9dents incluent&nbsp;<strong>Mikel Arriola<\/strong>&nbsp;,&nbsp;<strong>Jero Freixas&nbsp;<\/strong><strong>,&nbsp;<\/strong><strong>Peter Moore<\/strong>&nbsp;,&nbsp;<strong>Heidi Pellerano<\/strong>&nbsp;,&nbsp;<strong>Davor Suker<\/strong>&nbsp;et&nbsp;<strong>Javier Tebas<\/strong>&nbsp;, entre autres.Et aussi difficile que cela puisse para\u00eetre, cette ann\u00e9e, nous visons \u00e0 placer la barre encore plus haut.<\/td><\/tr><\/tbody><\/table><\/figure>\n\n\n\n<p><\/p>\n\n\n\n<figure class=\"wp-block-image size-large\"><img loading=\"lazy\" decoding=\"async\" width=\"796\" height=\"1024\" src=\"https:\/\/scm-football.com\/accueil\/wp-content\/uploads\/2026\/02\/image-1-796x1024.png\" alt=\"\" class=\"wp-image-3035\" srcset=\"http:\/\/scm-football.com\/accueil\/wp-content\/uploads\/2026\/02\/image-1-796x1024.png 796w, http:\/\/scm-football.com\/accueil\/wp-content\/uploads\/2026\/02\/image-1-233x300.png 233w, http:\/\/scm-football.com\/accueil\/wp-content\/uploads\/2026\/02\/image-1-768x989.png 768w, http:\/\/scm-football.com\/accueil\/wp-content\/uploads\/2026\/02\/image-1-1193x1536.png 1193w, http:\/\/scm-football.com\/accueil\/wp-content\/uploads\/2026\/02\/image-1.png 1243w\" sizes=\"auto, (max-width: 796px) 100vw, 796px\" \/><\/figure>\n\n\n\n<p><strong>Coupe du monde 2026: le conseil d\u2019administration de la LFP valide l\u2019accord avec la FIFA pour la diffusion du Mondial<\/strong><\/p>\n\n\n\n<p>Jeu. 29 janvier 2026&nbsp;<\/p>\n\n\n\n<figure class=\"wp-block-image size-full\"><img loading=\"lazy\" decoding=\"async\" width=\"752\" height=\"423\" src=\"https:\/\/scm-football.com\/accueil\/wp-content\/uploads\/2026\/02\/image.png\" alt=\"\" class=\"wp-image-3023\" srcset=\"http:\/\/scm-football.com\/accueil\/wp-content\/uploads\/2026\/02\/image.png 752w, http:\/\/scm-football.com\/accueil\/wp-content\/uploads\/2026\/02\/image-300x169.png 300w, http:\/\/scm-football.com\/accueil\/wp-content\/uploads\/2026\/02\/image-500x281.png 500w\" sizes=\"auto, (max-width: 752px) 100vw, 752px\" \/><\/figure>\n\n\n\n<p class=\"has-text-align-center\">Le tirage au sort int\u00e9gral de la Coupe du monde 2026 !<\/p>\n\n\n\n<p>Apr\u00e8s la surprise de la veille, la confirmation. R\u00e9uni ce matin, le conseil d\u2019administration de la LFP a valid\u00e9 l\u2019offensive de Nicolas de Tavernost et des \u00e9quipes de la plateforme Ligue 1+ pour tenter d\u2019obtenir la diffusion int\u00e9grale de la Coupe du monde 2026 en parall\u00e8le du groupe M6.<\/p>\n\n\n\n<p>Malgr\u00e9 la crise des droits TV en France, le patron de LFP Media est parvenu \u00e0 la signature d\u2019unpr\u00e9-accord avec la FIFA pour devenir le diffuseur (pour la version payante) de l\u2019int\u00e9gralit\u00e9 des 104 rencontres de la comp\u00e9tition disput\u00e9e du 11 juin au 19 juillet au Canada, au Mexique et aux Etats-Unis. C\u2019est maintenant au Conseil de la FIFA, qui devrait se r\u00e9unir avant la mi-f\u00e9vrier, de valider l\u2019offre et le pr\u00e9-accord en vigueur.<\/p>\n\n\n\n<p><strong>La FIFA n\u2019a pas re\u00e7u d\u2019autre offre en France<u><\/u><u><\/u><\/strong><\/p>\n\n\n\n<p>Apr\u00e8s avoir pr\u00e9sent\u00e9 son potentiel coup&nbsp;aux coll\u00e8ges de Ligue 1 et Ligue 2 ce mercredi, Nicolas de Tavernost a longuement d\u00e9fendu son choix ce jeudi. L\u2019ancien patron de M6 et de CMA-Media a notamment d\u00fb expliquer l\u2019enjeu pour Ligue 1+ de se positionner sur ces droits TV apr\u00e8s la fin de la saison en France et pendant la coupure estivale.<\/p>\n\n\n\n<p>Une mani\u00e8re aussi, d\u2019expliquer pourquoi LFP Media va miser 20 millions d&#8217;euros (plus 2 millions de frais de production) pour diffuser le Mondial alors que certains clubs traversent des difficult\u00e9s \u00e9conomiques apr\u00e8s la baisse des droits TV en L1. Nicolas de Tavernost a encore affirm\u00e9 aux membres du CA de la LFP qu\u2019\u00e0 l\u2019instant T, la FIFA n\u2019avait pas d\u2019autres offres sur la table.<\/p>\n\n\n\n<p><strong>Quelle r\u00e9action de beIN Sports?<u><\/u><u><\/u><\/strong><\/p>\n\n\n\n<p>En th\u00e9orie, la ratification de l\u2019accord entre Ligue 1+ et la FIFA devrait constituer une formalit\u00e9 aupr\u00e8s du Conseil de la FIFA. A moins que beIN Sports ne s\u2019immisce dans le dossier. Diffuseur, en version payante, des trois derni\u00e8res \u00e9ditions de la Coupe du monde (2014, 2018 et 2022), la cha\u00eene qatarienne n\u2019avait pas encore formul\u00e9 d\u2019offre concr\u00e8te \u00e0 la FIFA pour le Mondial 2026.<\/p>\n\n\n\n<p>Malgr\u00e9 l\u2019amiti\u00e9 entre Gianni Infantino et&nbsp;Nasser al-Khela\u00effi, pr\u00e9sident de beIN Media Group, le groupe audiovisuel a peut-\u00eatre trop tra\u00een\u00e9 avant de se positionner et a ainsi ouvert la porte \u00e0 un potentiel gros coup de Ligue 1+ et LFP Media<\/p>\n\n\n\n<p><\/p>\n\n\n\n<figure class=\"wp-block-image size-large\"><a href=\"https:\/\/scm-football.com\/accueil\/wp-content\/uploads\/2026\/01\/events-2026_page-0001-1.jpg\"><img loading=\"lazy\" decoding=\"async\" width=\"579\" height=\"1024\" src=\"https:\/\/scm-football.com\/accueil\/wp-content\/uploads\/2026\/01\/events-2026_page-0001-1-579x1024.jpg\" alt=\"\" class=\"wp-image-2695\" srcset=\"http:\/\/scm-football.com\/accueil\/wp-content\/uploads\/2026\/01\/events-2026_page-0001-1-579x1024.jpg 579w, http:\/\/scm-football.com\/accueil\/wp-content\/uploads\/2026\/01\/events-2026_page-0001-1-170x300.jpg 170w, http:\/\/scm-football.com\/accueil\/wp-content\/uploads\/2026\/01\/events-2026_page-0001-1-768x1359.jpg 768w, http:\/\/scm-football.com\/accueil\/wp-content\/uploads\/2026\/01\/events-2026_page-0001-1.jpg 779w\" sizes=\"auto, (max-width: 579px) 100vw, 579px\" \/><\/a><\/figure>\n\n\n\n<figure class=\"wp-block-image size-full\"><img loading=\"lazy\" decoding=\"async\" width=\"948\" height=\"535\" src=\"https:\/\/scm-football.com\/accueil\/wp-content\/uploads\/2025\/12\/image-25.png\" alt=\"\" class=\"wp-image-1815\" srcset=\"http:\/\/scm-football.com\/accueil\/wp-content\/uploads\/2025\/12\/image-25.png 948w, http:\/\/scm-football.com\/accueil\/wp-content\/uploads\/2025\/12\/image-25-300x169.png 300w, http:\/\/scm-football.com\/accueil\/wp-content\/uploads\/2025\/12\/image-25-768x433.png 768w, http:\/\/scm-football.com\/accueil\/wp-content\/uploads\/2025\/12\/image-25-500x282.png 500w\" sizes=\"auto, (max-width: 948px) 100vw, 948px\" \/><\/figure>\n\n\n\n<figure class=\"wp-block-image size-large\"><img loading=\"lazy\" decoding=\"async\" width=\"820\" height=\"1024\" src=\"https:\/\/scm-football.com\/accueil\/wp-content\/uploads\/2025\/12\/image-24-820x1024.png\" alt=\"\" class=\"wp-image-1813\" srcset=\"http:\/\/scm-football.com\/accueil\/wp-content\/uploads\/2025\/12\/image-24-820x1024.png 820w, http:\/\/scm-football.com\/accueil\/wp-content\/uploads\/2025\/12\/image-24-240x300.png 240w, http:\/\/scm-football.com\/accueil\/wp-content\/uploads\/2025\/12\/image-24-768x959.png 768w, http:\/\/scm-football.com\/accueil\/wp-content\/uploads\/2025\/12\/image-24.png 948w\" sizes=\"auto, (max-width: 820px) 100vw, 820px\" \/><\/figure>\n\n\n\n<figure class=\"wp-block-table\"><table style=\"background-color:#000; color:#fff;\"class=\"has-fixed-layout\"><tbody><tr><td><strong>Upcoming Events<\/strong><\/td><\/tr><\/tbody><\/table><\/figure>\n\n\n\n<figure class=\"wp-block-image size-large\"><img loading=\"lazy\" decoding=\"async\" width=\"1024\" height=\"1024\" src=\"https:\/\/scm-football.com\/accueil\/wp-content\/uploads\/2025\/12\/image-22-1024x1024.png\" alt=\"\" class=\"wp-image-1801\" srcset=\"http:\/\/scm-football.com\/accueil\/wp-content\/uploads\/2025\/12\/image-22-1024x1024.png 1024w, http:\/\/scm-football.com\/accueil\/wp-content\/uploads\/2025\/12\/image-22-300x300.png 300w, http:\/\/scm-football.com\/accueil\/wp-content\/uploads\/2025\/12\/image-22-150x150.png 150w, http:\/\/scm-football.com\/accueil\/wp-content\/uploads\/2025\/12\/image-22-768x768.png 768w, http:\/\/scm-football.com\/accueil\/wp-content\/uploads\/2025\/12\/image-22.png 1080w\" sizes=\"auto, (max-width: 1024px) 100vw, 1024px\" \/><\/figure>\n\n\n\n<figure class=\"wp-block-image size-large\"><img loading=\"lazy\" decoding=\"async\" width=\"1024\" height=\"1024\" src=\"https:\/\/scm-football.com\/accueil\/wp-content\/uploads\/2025\/12\/image-23-1024x1024.png\" alt=\"\" class=\"wp-image-1808\" srcset=\"http:\/\/scm-football.com\/accueil\/wp-content\/uploads\/2025\/12\/image-23-1024x1024.png 1024w, http:\/\/scm-football.com\/accueil\/wp-content\/uploads\/2025\/12\/image-23-300x300.png 300w, http:\/\/scm-football.com\/accueil\/wp-content\/uploads\/2025\/12\/image-23-150x150.png 150w, http:\/\/scm-football.com\/accueil\/wp-content\/uploads\/2025\/12\/image-23-768x768.png 768w, http:\/\/scm-football.com\/accueil\/wp-content\/uploads\/2025\/12\/image-23.png 1080w\" sizes=\"auto, (max-width: 1024px) 100vw, 1024px\" \/><\/figure>\n\n\n\n<figure class=\"wp-block-image size-large\"><img loading=\"lazy\" decoding=\"async\" width=\"1024\" height=\"1024\" src=\"https:\/\/scm-football.com\/accueil\/wp-content\/uploads\/2025\/12\/image-21-1024x1024.png\" alt=\"\" class=\"wp-image-1799\" srcset=\"http:\/\/scm-football.com\/accueil\/wp-content\/uploads\/2025\/12\/image-21-1024x1024.png 1024w, http:\/\/scm-football.com\/accueil\/wp-content\/uploads\/2025\/12\/image-21-300x300.png 300w, http:\/\/scm-football.com\/accueil\/wp-content\/uploads\/2025\/12\/image-21-150x150.png 150w, http:\/\/scm-football.com\/accueil\/wp-content\/uploads\/2025\/12\/image-21-768x768.png 768w, http:\/\/scm-football.com\/accueil\/wp-content\/uploads\/2025\/12\/image-21.png 1080w\" sizes=\"auto, (max-width: 1024px) 100vw, 1024px\" \/><\/figure>\n\n\n\n<p><\/p>\n\n\n\n<p><a href=\"https:\/\/www.transfermarkt.fr\/afrika-cup\/startseite\/pokalwettbewerb\/AFCN\" target=\"_blank\" rel=\"noreferrer noopener\"><\/a><\/p>\n\n\n\n<p><a href=\"https:\/\/www.transfermarkt.fr\/afrika-cup\/startseite\/pokalwettbewerb\/AFCN\" target=\"_blank\" rel=\"noreferrer noopener\">&nbsp;<\/a><\/p>\n","protected":false},"excerpt":{"rendered":"<p>Liste de Didier Deschamps&nbsp;: Mbapp\u00e9 et Chevalier iront aux States pour affronter le Br\u00e9sil et la Colombie&#8230; Revivez la conf\u00e9rence de presse \u2022Didier Deschamps a annonc\u00e9 la liste de l&#8217;\u00e9quipe de France pour affronter le Br\u00e9sil et la Colombie, avec &hellip; <a href=\"http:\/\/scm-football.com\/accueil\/agenda-football\/\">Continuer la lecture <span class=\"meta-nav\">&rarr;<\/span><\/a><\/p>\n","protected":false},"author":1,"featured_media":0,"parent":0,"menu_order":0,"comment_status":"closed","ping_status":"closed","template":"sidebar-page.php","meta":{"footnotes":""},"class_list":["post-33","page","type-page","status-publish","hentry"],"_links":{"self":[{"href":"http:\/\/scm-football.com\/accueil\/wp-json\/wp\/v2\/pages\/33","targetHints":{"allow":["GET"]}}],"collection":[{"href":"http:\/\/scm-football.com\/accueil\/wp-json\/wp\/v2\/pages"}],"about":[{"href":"http:\/\/scm-football.com\/accueil\/wp-json\/wp\/v2\/types\/page"}],"author":[{"embeddable":true,"href":"http:\/\/scm-football.com\/accueil\/wp-json\/wp\/v2\/users\/1"}],"replies":[{"embeddable":true,"href":"http:\/\/scm-football.com\/accueil\/wp-json\/wp\/v2\/comments?post=33"}],"version-history":[{"count":45,"href":"http:\/\/scm-football.com\/accueil\/wp-json\/wp\/v2\/pages\/33\/revisions"}],"predecessor-version":[{"id":3239,"href":"http:\/\/scm-football.com\/accueil\/wp-json\/wp\/v2\/pages\/33\/revisions\/3239"}],"wp:attachment":[{"href":"http:\/\/scm-football.com\/accueil\/wp-json\/wp\/v2\/media?parent=33"}],"curies":[{"name":"wp","href":"https:\/\/api.w.org\/{rel}","templated":true}]}}